{"id":863,"date":"2019-12-05T20:12:37","date_gmt":"2019-12-05T20:12:37","guid":{"rendered":"http:\/\/agustinvilar.com\/politica-de-privacidad\/"},"modified":"2020-02-21T11:44:00","modified_gmt":"2020-02-21T10:44:00","slug":"politica-de-privacitat","status":"publish","type":"page","link":"http:\/\/agustinvilar.com\/ca\/politica-de-privacitat\/","title":{"rendered":"Pol\u00edtica de privacitat"},"content":{"rendered":"\t\t<div data-elementor-type=\"wp-page\" data-elementor-id=\"863\" class=\"elementor elementor-863 elementor-3\" data-elementor-post-type=\"page\">\n\t\t\t\t\t\t<section class=\"elementor-section elementor-top-section elementor-element elementor-element-376842a elementor-section-boxed elementor-section-height-default elementor-section-height-default\" data-id=\"376842a\" data-element_type=\"section\" data-e-type=\"section\">\n\t\t\t\t\t\t<div class=\"elementor-container elementor-column-gap-default\">\n\t\t\t\t\t<div class=\"elementor-column elementor-col-100 elementor-top-column elementor-element elementor-element-2697d01\" data-id=\"2697d01\" data-element_type=\"column\" data-e-type=\"column\">\n\t\t\t<div class=\"elementor-widget-wrap elementor-element-populated\">\n\t\t\t\t\t\t<div class=\"elementor-element elementor-element-30c66ca elementor-widget elementor-widget-text-editor\" data-id=\"30c66ca\" data-element_type=\"widget\" data-e-type=\"widget\" data-widget_type=\"text-editor.default\">\n\t\t\t\t<div class=\"elementor-widget-container\">\n\t\t\t\t\t\t\t\t\t<p>Pol\u00edtica de privacitat<\/p>\t\t\t\t\t\t\t\t<\/div>\n\t\t\t\t<\/div>\n\t\t\t\t\t<\/div>\n\t\t<\/div>\n\t\t\t\t\t<\/div>\n\t\t<\/section>\n\t\t\t\t<section class=\"elementor-section elementor-top-section elementor-element elementor-element-dbff0b9 elementor-section-boxed elementor-section-height-default elementor-section-height-default\" data-id=\"dbff0b9\" data-element_type=\"section\" data-e-type=\"section\">\n\t\t\t\t\t\t<div class=\"elementor-container elementor-column-gap-default\">\n\t\t\t\t\t<div class=\"elementor-column elementor-col-100 elementor-top-column elementor-element elementor-element-1fbb9dc\" data-id=\"1fbb9dc\" data-element_type=\"column\" data-e-type=\"column\">\n\t\t\t<div class=\"elementor-widget-wrap elementor-element-populated\">\n\t\t\t\t\t\t<div class=\"elementor-element elementor-element-28be33d elementor-widget elementor-widget-text-editor\" data-id=\"28be33d\" data-element_type=\"widget\" data-e-type=\"widget\" data-widget_type=\"text-editor.default\">\n\t\t\t\t<div class=\"elementor-widget-container\">\n\t\t\t\t\t\t\t\t\t<p>AGUST\u00cdN VILAR S.A. es compromet a protegir la privacitat dels usuaris que accedeixin a aquest web i \/ o qualsevol dels seus serveis. La utilitzaci\u00f3 del web i \/ o de qualsevol dels serveis oferts per AGUST\u00cdN VILAR S.A. implica l&#8217;acceptaci\u00f3 per l&#8217;usuari de les disposicions contingudes en la present Pol\u00edtica de Privacitat i que les seves dades personals siguin tractades segons s&#8217;estipula en ella. Si us plau, tingui en compte que tot i que hi pugui haver enlla\u00e7os de la nostra web a altres webs o xarxes socials, aquesta pol\u00edtica de privacitat no s&#8217;aplica a les webs d&#8217;altres companyies o organitzacions a les que el web estigui redirigida. AGUST\u00cdN VILAR S.A. no controla el contingut dels webs de tercers, ni accepta qualsevol responsabilitat pel contingut o les pol\u00edtiques de privacitat d&#8217;aquestes webs.<\/p>\t\t\t\t\t\t\t\t<\/div>\n\t\t\t\t<\/div>\n\t\t\t\t\t<\/div>\n\t\t<\/div>\n\t\t\t\t\t<\/div>\n\t\t<\/section>\n\t\t\t\t<section class=\"elementor-section elementor-top-section elementor-element elementor-element-0f82fa1 elementor-section-boxed elementor-section-height-default elementor-section-height-default\" data-id=\"0f82fa1\" data-element_type=\"section\" data-e-type=\"section\">\n\t\t\t\t\t\t<div class=\"elementor-container elementor-column-gap-default\">\n\t\t\t\t\t<div class=\"elementor-column elementor-col-100 elementor-top-column elementor-element elementor-element-31f3eca\" data-id=\"31f3eca\" data-element_type=\"column\" data-e-type=\"column\">\n\t\t\t<div class=\"elementor-widget-wrap elementor-element-populated\">\n\t\t\t\t\t\t<div class=\"elementor-element elementor-element-c1f1a7f elementor-widget elementor-widget-text-editor\" data-id=\"c1f1a7f\" data-element_type=\"widget\" data-e-type=\"widget\" data-widget_type=\"text-editor.default\">\n\t\t\t\t<div class=\"elementor-widget-container\">\n\t\t\t\t\t\t\t\t\t<p>Informaci\u00f3 b\u00e0sica sobre el tractament de dades (Reglament (UE) 2016\/679 i LO 3\/2018)<\/p>\t\t\t\t\t\t\t\t<\/div>\n\t\t\t\t<\/div>\n\t\t\t\t\t<\/div>\n\t\t<\/div>\n\t\t\t\t\t<\/div>\n\t\t<\/section>\n\t\t\t\t<section class=\"elementor-section elementor-top-section elementor-element elementor-element-82d11db elementor-section-boxed elementor-section-height-default elementor-section-height-default\" data-id=\"82d11db\" data-element_type=\"section\" data-e-type=\"section\">\n\t\t\t\t\t\t<div class=\"elementor-container elementor-column-gap-default\">\n\t\t\t\t\t<div class=\"elementor-column elementor-col-100 elementor-top-column elementor-element elementor-element-3923ad3\" data-id=\"3923ad3\" data-element_type=\"column\" data-e-type=\"column\">\n\t\t\t<div class=\"elementor-widget-wrap elementor-element-populated\">\n\t\t\t\t\t\t<div class=\"elementor-element elementor-element-a41ad94 elementor-widget elementor-widget-html\" data-id=\"a41ad94\" data-element_type=\"widget\" data-e-type=\"widget\" data-widget_type=\"html.default\">\n\t\t\t\t<div class=\"elementor-widget-container\">\n\t\t\t\t\t<style type=\"text\/css\">\r\n.tg  {border-collapse:collapse;border-spacing:0;}\r\n.tg td{font-family:Arial, sans-serif;font-size:14px;padding:10px 5px;border-style:solid;border-width:1px;overflow:hidden;word-break:normal;border-color:black;}\r\n.tg th{font-family:Arial, sans-serif;font-size:14px;font-weight:normal;padding:10px 5px;border-style:solid;border-width:1px;overflow:hidden;word-break:normal;border-color:black;}\r\n.tg .tg-0lax{text-align:left;vertical-align:top}\r\n<\/style>\r\n<table class=\"tg\">\r\n  <tr>\r\n    <th class=\"tg-0lax\">Responsable del \r\ntractament<\/th>\r\n    <th class=\"tg-0lax\">AGUST\u00cdN VILAR S.A.<br>NIF: A08553687<br>c\/ De la Terra, 26. Pol. Ind. \"Els Bellots\" 08227 Terrassa. Espa\u00f1a.<br>Email: info@agustinvilar.com<\/th>\r\n  <\/tr>\r\n  <tr>\r\n    <td class=\"tg-0lax\">Finalitat del tractament<\/td>\r\n    <td class=\"tg-0lax\">Oferir i gestionar els nostres serveis de producci\u00f3 de manipulats de paper i cartr\u00f3 per extrusi\u00f3.<\/td>\r\n  <\/tr>\r\n  <tr>\r\n    <td class=\"tg-0lax\">Legitimaci\u00f3<\/td>\r\n    <td class=\"tg-0lax\">Consentiment obtingut de l'interessat. Execuci\u00f3 del contracte de serveis.<\/td>\r\n  <\/tr>\r\n  <tr>\r\n    <td class=\"tg-0lax\">Destinataris<\/td>\r\n    <td class=\"tg-0lax\">Les dades no seran comunicades a tercers, llevat que ho exigeixi una Llei o sigui necessari per complir amb la finalitat del tractament.<\/td>\r\n  <\/tr>\r\n  <tr>\r\n    <td class=\"tg-0lax\">Drets de les persones<\/td>\r\n    <td class=\"tg-0lax\">Els interessats tenen dret a exercir els drets d'acc\u00e9s, rectificaci\u00f3, limitaci\u00f3 de tractament, supressi\u00f3, portabilitat i oposici\u00f3, enviant la seva sol\u00b7licitud a la nostra adre\u00e7a.<\/td>\r\n  <\/tr>\r\n  <tr>\r\n    <td class=\"tg-0lax\">Termini de conservaci\u00f3 \r\nde les dades<\/td>\r\n    <td class=\"tg-0lax\">Mentre es mantingui la relaci\u00f3 comercial o durant els anys necessaris per complir amb les obligacions legals.<\/td>\r\n  <\/tr>\r\n  <tr>\r\n    <td class=\"tg-0lax\">Reclamaci\u00f3<\/td>\r\n    <td class=\"tg-0lax\">Els interessats poden dirigir-se a l'AEPD per presentar la reclamaci\u00f3 que consideri oportuna.<\/td>\r\n  <\/tr>\r\n  <tr>\r\n    <td class=\"tg-0lax\">Informaci\u00f3 adicional<\/td>\r\n    <td class=\"tg-0lax\">Podeu consultar la informaci\u00f3 adicional i detallada a continuaci\u00f3 en les \"Preguntes sobre privacitat\u201d.<\/td>\r\n  <\/tr>\r\n<\/table>\t\t\t\t<\/div>\n\t\t\t\t<\/div>\n\t\t\t\t\t<\/div>\n\t\t<\/div>\n\t\t\t\t\t<\/div>\n\t\t<\/section>\n\t\t\t\t<section class=\"elementor-section elementor-top-section elementor-element elementor-element-3c2ed1a elementor-section-boxed elementor-section-height-default elementor-section-height-default\" data-id=\"3c2ed1a\" data-element_type=\"section\" data-e-type=\"section\">\n\t\t\t\t\t\t<div class=\"elementor-container elementor-column-gap-default\">\n\t\t\t\t\t<div class=\"elementor-column elementor-col-100 elementor-top-column elementor-element elementor-element-409759b\" data-id=\"409759b\" data-element_type=\"column\" data-e-type=\"column\">\n\t\t\t<div class=\"elementor-widget-wrap elementor-element-populated\">\n\t\t\t\t\t\t<div class=\"elementor-element elementor-element-5eab6c4 elementor-widget elementor-widget-text-editor\" data-id=\"5eab6c4\" data-element_type=\"widget\" data-e-type=\"widget\" data-widget_type=\"text-editor.default\">\n\t\t\t\t<div class=\"elementor-widget-container\">\n\t\t\t\t\t\t\t\t\t<p><strong>PREGUNTES SOBRE PRIVACITAT<\/strong><\/p>\n<p>En compliment del Reglament (UE) 2016\/679 del Parlament Europeu i de Consell, del 27 d&#8217;abril de 2016, (RGPD), i la Llei Org\u00e0nica 3\/2018, del 5 de desembre, de Protecci\u00f3 de Dades Personals i garantia dels drets digitals (LOPDGDD) li oferim la seg\u00fcent informaci\u00f3 sobre el tractament de les seves dades personals:<\/p>\n<p><b>Qui \u00e9s el responsable del tractament de les seves dades?<br><\/b>Identitat: AGUST\u00cdN VILAR S.A.<br>NIF: A08553687<br>Adre\u00e7a: c\/ De la Terra, 26. Pol. Ind. &#8220;Els Bellots&#8221; 08227 Terrassa (Barcelona). Espanya.<\/p><p>Tel.: 937315059<br>Email: info@agustinvilar.com<\/p><p><br><\/p>\n<p><strong>Amb quina finalitat tractem les seves dades personals?&nbsp; <\/strong><\/p>\n<ul>\n<li>Tractem la informaci\u00f3 que se&#8217;ns facilita per gestionar els nostres serveis de producci\u00f3 de manipulats de paper i cartr\u00f3 per extrusi\u00f3.<\/li>\n<li>En el cas que es posi en contacte amb nosaltres a trav\u00e9s del formulari de contacte de la nostra p\u00e0gina web, els tractarem per gestionar la seva consulta.<\/li>\n<li>Si ens d\u00f3na el seu consentiment tamb\u00e9 podrem tractar les seves dades per enviar-li informaci\u00f3 sobre les nostres activitats, productes o serveis.<\/li>\n<li>A l&#8217;accedir a les nostres instal\u00b7lacions la seva imatge pot ser registrada mitjan\u00e7ant c\u00e0meres de videovigil\u00e0ncia amb fins de control de seguretat.<\/li>\n<li>Si ens envia un curr\u00edculum, tractarem les dades per tal de gestionar la base de CV &#8216;s per a la selecci\u00f3 de personal.<\/li>\n<\/ul>\n<p><strong><br><\/strong><\/p><p><strong>Quant de temps conservarem les seves dades?&nbsp; <\/strong><\/p>\n<ul>\n<li>Les dades personals proporcionades es conservaran mentre sigui usuari dels nostres serveis o vulgui rebre informaci\u00f3, i despr\u00e9s, durant els terminis<\/li>\n<\/ul>\n<p>&nbsp;&nbsp;&nbsp;&nbsp; establerts per complir les nostres obligacions legals, que en el cas de documentaci\u00f3 comptable i fiscal a efectes mercantils seran 6 anys, de conformitat<\/p>\n<p>&nbsp;&nbsp;&nbsp;&nbsp; amb l&#8217;Art. 30 del codi de Codi Comer\u00e7, i als efectes fiscals seran 4 anys, d&#8217;acord amb els articles 66 a 70 de la Llei General Tribut\u00e0ria.&nbsp;&nbsp;<\/p>\n<ul>\n<li>Les imatges captades pel sistema de videovigil\u00e0ncia es conservaran durant un mes.<\/li>\n<li>En el cas dels curr\u00edculums les dades es conservaran durant un any.<\/li>\n<\/ul>\n<p><strong><br><\/strong><\/p><p><strong>Quina \u00e9s la legitimaci\u00f3 per al tractament de les seves dades?<\/strong><\/p>\n<p>La legitimaci\u00f3 per a tractar-los es troba en l&#8217;execuci\u00f3 del contracte de serveis i en els consentiments que ens d\u00f3na.<\/p>\n<p>Respecte a la informaci\u00f3 que sigui remesa per menors de 16 anys, ser\u00e0 requisit imprescindible que es faci amb el consentiment patern, de tutor o del legal representant del menor perqu\u00e8 les dades personals puguin ser objecte de tractament. Si no \u00e9s aix\u00ed, el representant legal del menor ens ho ha de comunicar tan aviat com tingui coneixement.<\/p>\n<p>Pel que fa a la captaci\u00f3 d&#8217;imatges pel sistema de videovigil\u00e0ncia, la legitimaci\u00f3 ve donada per l&#8217;inter\u00e8s leg\u00edtim de preservar la seguretat de les persones i b\u00e9ns.<\/p>\n<p><strong><br><\/strong><\/p><p><strong>A quins destinataris es comunicaran les seves dades?<\/strong><\/p>\n<p>Les dades no seran comunicades a tercers, llevat que ho exigeixi una llei o sigui necessari per complir amb la finalitat del tractament.<\/p>\n<p><\/p>\n<p><strong><br><\/strong><\/p><p><strong>Quins s\u00f3n els seus drets quan ens facilita les seves dades?&nbsp; <\/strong><\/p>\n<ul>\n<li>Qualsevol persona t\u00e9 dret a obtenir confirmaci\u00f3 sobre si estem tractant o no les seves dades personals.<\/li>\n<li>Els interessats tenen dret a accedir a les seves dades personals, aix\u00ed com a sol\u00b7licitar la rectificaci\u00f3 de les dades inexactes o, si escau, sol\u00b7licitar la seva<\/li>\n<\/ul>\n<p>&nbsp;&nbsp;&nbsp;&nbsp; supressi\u00f3 quan, entre d&#8217;altres motius, les dades ja no siguin necessaris per a les finalitats per a les quals es van recollir.<\/p>\n<ul>\n<li>En determinades circumst\u00e0ncies els interessats podran sol\u00b7licitar la limitaci\u00f3 del tractament de les seves dades, en aquest cas \u00fanicament els<\/li>\n<\/ul>\n<p>&nbsp;&nbsp;&nbsp;&nbsp; conservarem per a l&#8217;exercici o la defensa de reclamacions.<\/p>\n<ul>\n<li>Tamb\u00e9, en determinades circumst\u00e0ncies i per motius relacionats amb la seva situaci\u00f3 particular, els interessats poden oposar-se al tractament de les<\/li>\n<\/ul>\n<p>&nbsp;&nbsp;&nbsp;&nbsp; seves dades. En aquest cas deixarem de tractar les dades, excepte per motius leg\u00edtims imperiosos o per a l&#8217;exercici o la defensa de possibles<\/p>\n<p>&nbsp;&nbsp;&nbsp;&nbsp; reclamacions.<\/p>\n<ul>\n<li>Els interessats tamb\u00e9 tenen dret a la portabilitat de les seves dades.<\/li>\n<li>Tot interessat t\u00e9 dret a no ser objecte d&#8217;una decisi\u00f3 basada \u00fanicament en el tractament automatitzat, inclosa l&#8217;elaboraci\u00f3 de perfils, que produeixi<\/li>\n<\/ul>\n<p>&nbsp;&nbsp;&nbsp;&nbsp; efectes jur\u00eddics en ell o li afecti significativament de manera similar.<\/p>\n<ul>\n<li>Finalment, els interessats tenen dret a presentar una reclamaci\u00f3 davant l&#8217;Autoritat de Control competent.<\/li>\n<\/ul>\n<p><strong><br><\/strong><\/p><p><strong>Com pot exercir els seus drets?<\/strong><\/p>\n<p>Enviant un escrit adjuntant una c\u00f2pia d&#8217;un document que l&#8217;identifiqui, a la nostra adre\u00e7a f\u00edsica o l&#8217;electr\u00f2nica.<\/p>\n<p><strong><br><\/strong><\/p><p><strong>Com hem obtingut les seves dades?<\/strong><\/p>\n<p>Les dades personals que tractem procedeixen de la persona interessada. L&#8217;interessat garanteix que les dades personals facilitades s\u00f3n certes i es fa responsable de comunicar qualsevol modificaci\u00f3 d&#8217;aquests. Les dades que estiguin marcats amb un asterisc s\u00f3n obligatoris per poder donar-li el servei sol\u00b7licitat.<\/p>\n<p><\/p>\n<p><strong><br><\/strong><\/p><p><strong>Quines dades tractem?<\/strong><\/p>\n<p>Les categories de dades que podem tractar en la prestaci\u00f3 dels nostres serveis s\u00f3n:<\/p>\n<ul>\n<li>Dades de car\u00e0cter identificatiu<\/li>\n<li>Adreces postals o electr\u00f2niques<\/li>\n<\/ul>\n<p>En el cas de sistema de videovigil\u00e0ncia:<\/p>\n<ul>\n<li>Imatge<\/li>\n<\/ul>\n<p>En el cas dels curr\u00edculums, tamb\u00e9:<\/p>\n<ul>\n<li>Caracter\u00edstiques personals<\/li>\n<li>Acad\u00e8mics i professionals<\/li>\n<\/ul>\n<p>Les dades s\u00f3n limitats, at\u00e8s que \u00fanicament tractem les dades necess\u00e0ries per a la prestaci\u00f3 dels nostres serveis i la gesti\u00f3 de la nostra activitat.<\/p>\n<p><strong><br><\/strong><\/p><p><strong>Fem servir cookies?<\/strong><\/p>\n<p>Utilitzem cookies durant la navegaci\u00f3 a la nostra web amb el consentiment de l&#8217;usuari.<\/p>\n<p>L&#8217;usuari pot configurar el seu navegador per ser avisat de la utilitzaci\u00f3 de cookies i per evitar el seu \u00fas. Si us plau, visiteu la nostra pol\u00edtica de cookies.<\/p>\n<p>Quines mesures de seguretat apliquem?<\/p>\n<p>Apliquem les mesures de seguretat establertes a l&#8217;article 32 de l&#8217;RGPD, per tant, hem adoptat les mesures de seguretat necess\u00e0ries per garantir un nivell de seguretat adequat al risc del tractament de dades que realitzem, amb mecanismes que ens permeten garantir la confidencialitat, integritat, disponibilitat i resili\u00e8ncia permanent dels sistemes i serveis de tractament.<\/p>\n<p><strong><br><\/strong><\/p><p><strong>Algunes d&#8217;aquestes mesures s\u00f3n:&nbsp;&nbsp; <\/strong><\/p>\n<ul>\n<li>Informaci\u00f3 de les pol\u00edtiques de tractament de dades al personal.<\/li>\n<li>Realitzaci\u00f3 de c\u00f2pies de seguretat peri\u00f2diques.<\/li>\n<li>Control d&#8217;acc\u00e9s a les dades.<\/li>\n<li>Processos de verificaci\u00f3, avaluaci\u00f3 i valoraci\u00f3 regulars.<\/li>\n<\/ul>\t\t\t\t\t\t\t\t<\/div>\n\t\t\t\t<\/div>\n\t\t\t\t\t<\/div>\n\t\t<\/div>\n\t\t\t\t\t<\/div>\n\t\t<\/section>\n\t\t\t\t<\/div>\n\t\t","protected":false},"excerpt":{"rendered":"<p>Pol\u00edtica de privacitat AGUST\u00cdN VILAR S.A. es compromet a protegir la privacitat dels usuaris que accedeixin a aquest web i \/ o qualsevol dels seus serveis. La utilitzaci\u00f3 del web i \/ o de qualsevol dels serveis oferts per AGUST\u00cdN VILAR S.A. implica l&#8217;acceptaci\u00f3 per l&#8217;usuari de les disposicions contingudes en la present Pol\u00edtica de &hellip; <\/p>\n<p class=\"link-more\"><a href=\"http:\/\/agustinvilar.com\/ca\/politica-de-privacitat\/\" class=\"more-link\">Continua llegint <span class=\"screen-reader-text\">\u00abPol\u00edtica de privacitat\u00bb<\/span><\/a><\/p>\n","protected":false},"author":1,"featured_media":0,"parent":0,"menu_order":0,"comment_status":"closed","ping_status":"open","template":"elementor_header_footer","meta":{"footnotes":""},"class_list":["post-863","page","type-page","status-publish","hentry","entry"],"_links":{"self":[{"href":"http:\/\/agustinvilar.com\/ca\/wp-json\/wp\/v2\/pages\/863","targetHints":{"allow":["GET"]}}],"collection":[{"href":"http:\/\/agustinvilar.com\/ca\/wp-json\/wp\/v2\/pages"}],"about":[{"href":"http:\/\/agustinvilar.com\/ca\/wp-json\/wp\/v2\/types\/page"}],"author":[{"embeddable":true,"href":"http:\/\/agustinvilar.com\/ca\/wp-json\/wp\/v2\/users\/1"}],"replies":[{"embeddable":true,"href":"http:\/\/agustinvilar.com\/ca\/wp-json\/wp\/v2\/comments?post=863"}],"version-history":[{"count":3,"href":"http:\/\/agustinvilar.com\/ca\/wp-json\/wp\/v2\/pages\/863\/revisions"}],"predecessor-version":[{"id":867,"href":"http:\/\/agustinvilar.com\/ca\/wp-json\/wp\/v2\/pages\/863\/revisions\/867"}],"wp:attachment":[{"href":"http:\/\/agustinvilar.com\/ca\/wp-json\/wp\/v2\/media?parent=863"}],"curies":[{"name":"wp","href":"https:\/\/api.w.org\/{rel}","templated":true}]}}